{"id":1072,"date":"2023-05-20T17:01:59","date_gmt":"2023-05-20T17:01:59","guid":{"rendered":"https:\/\/arrabidasubterranea.arrabida.org\/?post_type=product&#038;p=1072"},"modified":"2026-04-25T17:22:14","modified_gmt":"2026-04-25T17:22:14","slug":"complexo-cavernicola-da-azoia-endocarso","status":"publish","type":"product","link":"https:\/\/arrabidasubterranea.arrabida.org\/en\/product\/complexo-cavernicola-da-azoia-endocarso\/","title":{"rendered":"Complexo Cavern\u00edcola da Azoia"},"content":{"rendered":"<p>O Complexo Cavern\u00edcola da Azoia e as in\u00fameras cavidades a\u00ed presentes registam uma forte presen\u00e7a humana. A visita requer um percurso circular de cerca de 2km para que se possa enquadrar o espa\u00e7o e as grutas no seu contexto hist\u00f3rico. Destaca-se nos seculos VI \u2013 VIII o uso como abrigos para retiro de monges anacoretas crist\u00e3os e no s\u00e9culo X, a cultura isl\u00e2mica deixou-nos uma t\u00e1bua de madeira, com um excerto escrito do vers\u00edculo 39 do Cor\u00e3o, que a investiga\u00e7\u00e3o espeleol\u00f3gica recuperou. Uma viagem aos in\u00edcios do per\u00edodo hist\u00f3rico na regi\u00e3o contado pelas grutas.<\/p>\n<p><strong>Hora de Encontro<\/strong>: 09h30<br \/>\n<strong>Tempo Estimado<\/strong>: +\/- das 09h30 \u00e0s 16h00<br \/>\n<strong>Marcha de Aproxima\u00e7\u00e3o<\/strong>: 1,7km<br \/>\n<strong>M\u00e1ximo de pessoas<\/strong>: 15<br \/>\n<strong>Idade M\u00ednima Recomendada<\/strong>: 10 anos<br \/>\n<strong>Grau de dificuldade<\/strong>: F\u00e1cil<br \/>\n<strong>Eleva\u00e7\u00e3o<\/strong>: Min 68m \u2013 M\u00e9d 129m \u2013 M\u00e1x 162m<br \/>\n<strong>Recomenda\u00e7\u00f5es Indispens\u00e1veis<\/strong>: Cal\u00e7ado com sola bem marcada \u2013 Roupa que cubra totalmente o corpo e que se possa sujar \u2013 0,5L \u00e1gua \u2013 Lanche.<\/p>\n<p><strong>Ponto de Encontro<\/strong>: <a href=\"https:\/\/maps.app.goo.gl\/NZzJkv6P1n1z3A2f7\">38\u00b025&#8217;57.4&#8243;N | 9\u00b010&#8217;24.8&#8243;W<\/a><br \/>\n<strong>Pre\u00e7o por pessoa<\/strong>: 30\u20ac<\/p>\n<p><strong>Nota importante<\/strong>:\u00a0Qualquer visita a grutas \u00e9 suscet\u00edvel\u00a0de sofrer atrasos.<\/p>","protected":false},"excerpt":{"rendered":"<p>O Complexo Cavern\u00edcola da Azoia e as in\u00fameras cavidades a\u00ed presentes registam uma forte presen\u00e7a humana. Esta \u00e9 uma viagem aos in\u00edcios do per\u00edodo hist\u00f3rico na regi\u00e3o contado pelas grutas.<\/p>","protected":false},"featured_media":1075,"comment_status":"open","ping_status":"closed","template":"","meta":{"om_disable_all_campaigns":false,"_mi_skip_tracking":false,"_monsterinsights_sitenote_active":false,"_monsterinsights_sitenote_note":"","_monsterinsights_sitenote_category":0},"product_cat":[37,53],"product_tag":[41],"class_list":{"0":"post-1072","1":"product","2":"type-product","3":"status-publish","4":"has-post-thumbnail","6":"product_cat-percursos","7":"product_cat-visita-a-gruta","8":"product_tag-endocarso-repositorios-do-passado-humano","10":"first","11":"instock","12":"virtual","13":"sold-individually","14":"purchasable","15":"product-type-booking"},"aioseo_notices":[],"_links":{"self":[{"href":"https:\/\/arrabidasubterranea.arrabida.org\/en\/wp-json\/wp\/v2\/product\/1072","targetHints":{"allow":["GET"]}}],"collection":[{"href":"https:\/\/arrabidasubterranea.arrabida.org\/en\/wp-json\/wp\/v2\/product"}],"about":[{"href":"https:\/\/arrabidasubterranea.arrabida.org\/en\/wp-json\/wp\/v2\/types\/product"}],"replies":[{"embeddable":true,"href":"https:\/\/arrabidasubterranea.arrabida.org\/en\/wp-json\/wp\/v2\/comments?post=1072"}],"wp:featuredmedia":[{"embeddable":true,"href":"https:\/\/arrabidasubterranea.arrabida.org\/en\/wp-json\/wp\/v2\/media\/1075"}],"wp:attachment":[{"href":"https:\/\/arrabidasubterranea.arrabida.org\/en\/wp-json\/wp\/v2\/media?parent=1072"}],"wp:term":[{"taxonomy":"product_cat","embeddable":true,"href":"https:\/\/arrabidasubterranea.arrabida.org\/en\/wp-json\/wp\/v2\/product_cat?post=1072"},{"taxonomy":"product_tag","embeddable":true,"href":"https:\/\/arrabidasubterranea.arrabida.org\/en\/wp-json\/wp\/v2\/product_tag?post=1072"}],"curies":[{"name":"wp","href":"https:\/\/api.w.org\/{rel}","templated":true}]}}